{"id":1461,"date":"2025-11-07T10:55:52","date_gmt":"2025-11-07T07:55:52","guid":{"rendered":"https:\/\/bluesdernegi.org\/?post_type=tribe_events&#038;p=1461"},"modified":"2025-11-07T10:56:28","modified_gmt":"2025-11-07T07:56:28","slug":"blues-on-blues-izmir-korfezi-turu-15-kasim-2025","status":"publish","type":"tribe_events","link":"https:\/\/bluesdernegi.org\/en\/etkinlik\/blues-on-blues-izmir-korfezi-turu-15-kasim-2025\/","title":{"rendered":"Blues on blues | \u0130zmir K\u00f6rfezi Turu 15 Kas\u0131m 2025"},"content":{"rendered":"<p>B\u00fcy\u00fck ilgi g\u00f6ren ve tekrar\u0131 istenen \u201cBlues on Blues\u201d konseri 15 Kas\u0131m\u2019da Bergama Vapuru\u2019nda bir kez daha bizlerle!<br \/>\n\u0130zmir K\u00f6rfezi\u2019nin b\u00fcy\u00fcleyici manzaras\u0131n\u0131n The Old Ramblers\u2019dan \u015fahane Blues \u015fark\u0131larla bulu\u015ftu\u011fu m\u00fczik ve dans dolu bu \u00f6zel yolculukta g\u00f6r\u00fc\u015fmek \u00fczere!<\/p>\n<p>\ud83d\udccd Tarih: 15 Kas\u0131m Cumartesi<br \/>\n\ud83d\udd56 Kalk\u0131\u015f: 20.30 Konak \u0130skele<br \/>\n\u23f3 Tur S\u00fcresi: 2 Saat<br \/>\n\ud83c\udf0a Tur Mekan\u0131: \u0130zmir K\u00f6rfezi<\/p>\n<p>Biletler: Bubilet<\/p>\n","protected":false},"excerpt":{"rendered":"<p>B\u00fcy\u00fck ilgi g\u00f6ren ve tekrar\u0131 istenen \u201cBlues on Blues\u201d konseri 15 Kas\u0131m\u2019da Bergama Vapuru\u2019nda bir kez daha bizlerle! \u0130zmir K\u00f6rfezi\u2019nin b\u00fcy\u00fcleyici manzaras\u0131n\u0131n The Old Ramblers\u2019dan \u015fahane Blues \u015fark\u0131larla bulu\u015ftu\u011fu m\u00fczik ve dans dolu bu \u00f6zel yolculukta g\u00f6r\u00fc\u015fmek \u00fczere! \ud83d\udccd Tarih: 15 Kas\u0131m Cumartesi \ud83d\udd56 Kalk\u0131\u015f: 20.30 Konak \u0130skele \u23f3 Tur S\u00fcresi: 2 Saat \ud83c\udf0a Tur Mekan\u0131: \u0130zmir K\u00f6rfezi Biletler: Bubilet<\/p>\n","protected":false},"author":1,"featured_media":1462,"template":"","meta":{"_tribe_events_status":"","_tribe_events_status_reason":"","footnotes":""},"tags":[5,223,222],"tribe_events_cat":[202],"class_list":["post-1461","tribe_events","type-tribe_events","status-publish","has-post-thumbnail","tag-blues","tag-izmir-blues-etkinlikleri","tag-the-old-ramblers","tribe_events_cat-konser-etkinlik-takvimi","cat_konser-etkinlik-takvimi"],"yoast_head":"<!-- This site is optimized with the Yoast SEO plugin v27.5 - https:\/\/yoast.com\/product\/yoast-seo-wordpress\/ -->\n<title>Blues on blues | \u0130zmir K\u00f6rfezi Turu 15 Kas\u0131m 2025 - Blues Derne\u011fi<\/title>\n<meta name=\"robots\" content=\"index, follow, max-snippet:-1, max-image-preview:large, max-video-preview:-1\" \/>\n<link rel=\"canonical\" href=\"https:\/\/bluesdernegi.org\/en\/etkinlik\/blues-on-blues-izmir-korfezi-turu-15-kasim-2025\/\" \/>\n<meta property=\"og:locale\" content=\"en_US\" \/>\n<meta property=\"og:locale:alternate\" content=\"tr_TR\" \/>\n<meta property=\"og:type\" content=\"article\" \/>\n<meta property=\"og:title\" content=\"Blues on blues | \u0130zmir K\u00f6rfezi Turu 15 Kas\u0131m 2025 - Blues Derne\u011fi\" \/>\n<meta property=\"og:description\" content=\"B\u00fcy\u00fck ilgi g\u00f6ren ve tekrar\u0131 istenen \u201cBlues on Blues\u201d konseri 15 Kas\u0131m\u2019da Bergama Vapuru\u2019nda bir kez daha bizlerle! \u0130zmir K\u00f6rfezi\u2019nin b\u00fcy\u00fcleyici manzaras\u0131n\u0131n The Old Ramblers\u2019dan \u015fahane Blues \u015fark\u0131larla bulu\u015ftu\u011fu m\u00fczik ve dans dolu bu \u00f6zel yolculukta g\u00f6r\u00fc\u015fmek \u00fczere! \ud83d\udccd Tarih: 15 Kas\u0131m Cumartesi \ud83d\udd56 Kalk\u0131\u015f: 20.30 Konak \u0130skele \u23f3 Tur S\u00fcresi: 2 Saat \ud83c\udf0a Tur Mekan\u0131: \u0130zmir K\u00f6rfezi Biletler: Bubilet\" \/>\n<meta property=\"og:url\" content=\"https:\/\/bluesdernegi.org\/en\/etkinlik\/blues-on-blues-izmir-korfezi-turu-15-kasim-2025\/\" \/>\n<meta property=\"og:site_name\" content=\"Blues Derne\u011fi\" \/>\n<meta property=\"article:publisher\" content=\"https:\/\/www.facebook.com\/bluesdernegi\" \/>\n<meta property=\"article:modified_time\" content=\"2025-11-07T07:56:28+00:00\" \/>\n<meta name=\"twitter:card\" content=\"summary_large_image\" \/>\n<meta name=\"twitter:site\" content=\"@BluesDernegi\" \/>\n<meta name=\"twitter:label1\" content=\"Est. reading time\" \/>\n\t<meta name=\"twitter:data1\" content=\"1 minute\" \/>\n<script type=\"application\/ld+json\" class=\"yoast-schema-graph\">{\"@context\":\"https:\\\/\\\/schema.org\",\"@graph\":[{\"@type\":\"WebPage\",\"@id\":\"https:\\\/\\\/bluesdernegi.org\\\/etkinlik\\\/blues-on-blues-izmir-korfezi-turu-15-kasim-2025\\\/\",\"url\":\"https:\\\/\\\/bluesdernegi.org\\\/etkinlik\\\/blues-on-blues-izmir-korfezi-turu-15-kasim-2025\\\/\",\"name\":\"Blues on blues | \u0130zmir K\u00f6rfezi Turu 15 Kas\u0131m 2025 - Blues Derne\u011fi\",\"isPartOf\":{\"@id\":\"https:\\\/\\\/bluesdernegi.org\\\/#website\"},\"primaryImageOfPage\":{\"@id\":\"https:\\\/\\\/bluesdernegi.org\\\/etkinlik\\\/blues-on-blues-izmir-korfezi-turu-15-kasim-2025\\\/#primaryimage\"},\"image\":{\"@id\":\"https:\\\/\\\/bluesdernegi.org\\\/etkinlik\\\/blues-on-blues-izmir-korfezi-turu-15-kasim-2025\\\/#primaryimage\"},\"thumbnailUrl\":\"https:\\\/\\\/bluesdernegi.org\\\/wp-content\\\/uploads\\\/2025\\\/11\\\/blues-on-blues-16945.avif\",\"datePublished\":\"2025-11-07T07:55:52+00:00\",\"dateModified\":\"2025-11-07T07:56:28+00:00\",\"breadcrumb\":{\"@id\":\"https:\\\/\\\/bluesdernegi.org\\\/etkinlik\\\/blues-on-blues-izmir-korfezi-turu-15-kasim-2025\\\/#breadcrumb\"},\"inLanguage\":\"en-US\",\"potentialAction\":[{\"@type\":\"ReadAction\",\"target\":[\"https:\\\/\\\/bluesdernegi.org\\\/etkinlik\\\/blues-on-blues-izmir-korfezi-turu-15-kasim-2025\\\/\"]}]},{\"@type\":\"ImageObject\",\"inLanguage\":\"en-US\",\"@id\":\"https:\\\/\\\/bluesdernegi.org\\\/etkinlik\\\/blues-on-blues-izmir-korfezi-turu-15-kasim-2025\\\/#primaryimage\",\"url\":\"https:\\\/\\\/bluesdernegi.org\\\/wp-content\\\/uploads\\\/2025\\\/11\\\/blues-on-blues-16945.avif\",\"contentUrl\":\"https:\\\/\\\/bluesdernegi.org\\\/wp-content\\\/uploads\\\/2025\\\/11\\\/blues-on-blues-16945.avif\"},{\"@type\":\"BreadcrumbList\",\"@id\":\"https:\\\/\\\/bluesdernegi.org\\\/etkinlik\\\/blues-on-blues-izmir-korfezi-turu-15-kasim-2025\\\/#breadcrumb\",\"itemListElement\":[{\"@type\":\"ListItem\",\"position\":1,\"name\":\"Anasayfa\",\"item\":\"https:\\\/\\\/bluesdernegi.org\\\/\"},{\"@type\":\"ListItem\",\"position\":2,\"name\":\"Etkinlikler\",\"item\":\"https:\\\/\\\/bluesdernegi.org\\\/events\\\/\"},{\"@type\":\"ListItem\",\"position\":3,\"name\":\"Blues on blues | \u0130zmir K\u00f6rfezi Turu 15 Kas\u0131m 2025\"}]},{\"@type\":\"WebSite\",\"@id\":\"https:\\\/\\\/bluesdernegi.org\\\/#website\",\"url\":\"https:\\\/\\\/bluesdernegi.org\\\/\",\"name\":\"Blues Derne\u011fi\",\"description\":\"\",\"publisher\":{\"@id\":\"https:\\\/\\\/bluesdernegi.org\\\/#organization\"},\"potentialAction\":[{\"@type\":\"SearchAction\",\"target\":{\"@type\":\"EntryPoint\",\"urlTemplate\":\"https:\\\/\\\/bluesdernegi.org\\\/?s={search_term_string}\"},\"query-input\":{\"@type\":\"PropertyValueSpecification\",\"valueRequired\":true,\"valueName\":\"search_term_string\"}}],\"inLanguage\":\"en-US\"},{\"@type\":\"Organization\",\"@id\":\"https:\\\/\\\/bluesdernegi.org\\\/#organization\",\"name\":\"Blues Derne\u011fi\",\"url\":\"https:\\\/\\\/bluesdernegi.org\\\/\",\"logo\":{\"@type\":\"ImageObject\",\"inLanguage\":\"en-US\",\"@id\":\"https:\\\/\\\/bluesdernegi.org\\\/#\\\/schema\\\/logo\\\/image\\\/\",\"url\":\"https:\\\/\\\/bluesdernegi.org\\\/wp-content\\\/uploads\\\/2025\\\/06\\\/blues-dernegi-logo.png\",\"contentUrl\":\"https:\\\/\\\/bluesdernegi.org\\\/wp-content\\\/uploads\\\/2025\\\/06\\\/blues-dernegi-logo.png\",\"width\":600,\"height\":476,\"caption\":\"Blues Derne\u011fi\"},\"image\":{\"@id\":\"https:\\\/\\\/bluesdernegi.org\\\/#\\\/schema\\\/logo\\\/image\\\/\"},\"sameAs\":[\"https:\\\/\\\/www.facebook.com\\\/bluesdernegi\",\"https:\\\/\\\/x.com\\\/BluesDernegi\",\"https:\\\/\\\/www.instagram.com\\\/bluesdernegi\\\/\"]}]}<\/script>\n<!-- \/ Yoast SEO plugin. -->","yoast_head_json":{"title":"Blues on blues | \u0130zmir K\u00f6rfezi Turu 15 Kas\u0131m 2025 - Blues Derne\u011fi","robots":{"index":"index","follow":"follow","max-snippet":"max-snippet:-1","max-image-preview":"max-image-preview:large","max-video-preview":"max-video-preview:-1"},"canonical":"https:\/\/bluesdernegi.org\/en\/etkinlik\/blues-on-blues-izmir-korfezi-turu-15-kasim-2025\/","og_locale":"en_US","og_type":"article","og_title":"Blues on blues | \u0130zmir K\u00f6rfezi Turu 15 Kas\u0131m 2025 - Blues Derne\u011fi","og_description":"B\u00fcy\u00fck ilgi g\u00f6ren ve tekrar\u0131 istenen \u201cBlues on Blues\u201d konseri 15 Kas\u0131m\u2019da Bergama Vapuru\u2019nda bir kez daha bizlerle! \u0130zmir K\u00f6rfezi\u2019nin b\u00fcy\u00fcleyici manzaras\u0131n\u0131n The Old Ramblers\u2019dan \u015fahane Blues \u015fark\u0131larla bulu\u015ftu\u011fu m\u00fczik ve dans dolu bu \u00f6zel yolculukta g\u00f6r\u00fc\u015fmek \u00fczere! \ud83d\udccd Tarih: 15 Kas\u0131m Cumartesi \ud83d\udd56 Kalk\u0131\u015f: 20.30 Konak \u0130skele \u23f3 Tur S\u00fcresi: 2 Saat \ud83c\udf0a Tur Mekan\u0131: \u0130zmir K\u00f6rfezi Biletler: Bubilet","og_url":"https:\/\/bluesdernegi.org\/en\/etkinlik\/blues-on-blues-izmir-korfezi-turu-15-kasim-2025\/","og_site_name":"Blues Derne\u011fi","article_publisher":"https:\/\/www.facebook.com\/bluesdernegi","article_modified_time":"2025-11-07T07:56:28+00:00","twitter_card":"summary_large_image","twitter_site":"@BluesDernegi","twitter_misc":{"Est. reading time":"1 minute"},"schema":{"@context":"https:\/\/schema.org","@graph":[{"@type":"WebPage","@id":"https:\/\/bluesdernegi.org\/etkinlik\/blues-on-blues-izmir-korfezi-turu-15-kasim-2025\/","url":"https:\/\/bluesdernegi.org\/etkinlik\/blues-on-blues-izmir-korfezi-turu-15-kasim-2025\/","name":"Blues on blues | \u0130zmir K\u00f6rfezi Turu 15 Kas\u0131m 2025 - Blues Derne\u011fi","isPartOf":{"@id":"https:\/\/bluesdernegi.org\/#website"},"primaryImageOfPage":{"@id":"https:\/\/bluesdernegi.org\/etkinlik\/blues-on-blues-izmir-korfezi-turu-15-kasim-2025\/#primaryimage"},"image":{"@id":"https:\/\/bluesdernegi.org\/etkinlik\/blues-on-blues-izmir-korfezi-turu-15-kasim-2025\/#primaryimage"},"thumbnailUrl":"https:\/\/bluesdernegi.org\/wp-content\/uploads\/2025\/11\/blues-on-blues-16945.avif","datePublished":"2025-11-07T07:55:52+00:00","dateModified":"2025-11-07T07:56:28+00:00","breadcrumb":{"@id":"https:\/\/bluesdernegi.org\/etkinlik\/blues-on-blues-izmir-korfezi-turu-15-kasim-2025\/#breadcrumb"},"inLanguage":"en-US","potentialAction":[{"@type":"ReadAction","target":["https:\/\/bluesdernegi.org\/etkinlik\/blues-on-blues-izmir-korfezi-turu-15-kasim-2025\/"]}]},{"@type":"ImageObject","inLanguage":"en-US","@id":"https:\/\/bluesdernegi.org\/etkinlik\/blues-on-blues-izmir-korfezi-turu-15-kasim-2025\/#primaryimage","url":"https:\/\/bluesdernegi.org\/wp-content\/uploads\/2025\/11\/blues-on-blues-16945.avif","contentUrl":"https:\/\/bluesdernegi.org\/wp-content\/uploads\/2025\/11\/blues-on-blues-16945.avif"},{"@type":"BreadcrumbList","@id":"https:\/\/bluesdernegi.org\/etkinlik\/blues-on-blues-izmir-korfezi-turu-15-kasim-2025\/#breadcrumb","itemListElement":[{"@type":"ListItem","position":1,"name":"Anasayfa","item":"https:\/\/bluesdernegi.org\/"},{"@type":"ListItem","position":2,"name":"Etkinlikler","item":"https:\/\/bluesdernegi.org\/events\/"},{"@type":"ListItem","position":3,"name":"Blues on blues | \u0130zmir K\u00f6rfezi Turu 15 Kas\u0131m 2025"}]},{"@type":"WebSite","@id":"https:\/\/bluesdernegi.org\/#website","url":"https:\/\/bluesdernegi.org\/","name":"Blues Derne\u011fi","description":"","publisher":{"@id":"https:\/\/bluesdernegi.org\/#organization"},"potentialAction":[{"@type":"SearchAction","target":{"@type":"EntryPoint","urlTemplate":"https:\/\/bluesdernegi.org\/?s={search_term_string}"},"query-input":{"@type":"PropertyValueSpecification","valueRequired":true,"valueName":"search_term_string"}}],"inLanguage":"en-US"},{"@type":"Organization","@id":"https:\/\/bluesdernegi.org\/#organization","name":"Blues Derne\u011fi","url":"https:\/\/bluesdernegi.org\/","logo":{"@type":"ImageObject","inLanguage":"en-US","@id":"https:\/\/bluesdernegi.org\/#\/schema\/logo\/image\/","url":"https:\/\/bluesdernegi.org\/wp-content\/uploads\/2025\/06\/blues-dernegi-logo.png","contentUrl":"https:\/\/bluesdernegi.org\/wp-content\/uploads\/2025\/06\/blues-dernegi-logo.png","width":600,"height":476,"caption":"Blues Derne\u011fi"},"image":{"@id":"https:\/\/bluesdernegi.org\/#\/schema\/logo\/image\/"},"sameAs":["https:\/\/www.facebook.com\/bluesdernegi","https:\/\/x.com\/BluesDernegi","https:\/\/www.instagram.com\/bluesdernegi\/"]}]}},"jetpack_sharing_enabled":true,"_links":{"self":[{"href":"https:\/\/bluesdernegi.org\/en\/wp-json\/wp\/v2\/tribe_events\/1461","targetHints":{"allow":["GET"]}}],"collection":[{"href":"https:\/\/bluesdernegi.org\/en\/wp-json\/wp\/v2\/tribe_events"}],"about":[{"href":"https:\/\/bluesdernegi.org\/en\/wp-json\/wp\/v2\/types\/tribe_events"}],"author":[{"embeddable":true,"href":"https:\/\/bluesdernegi.org\/en\/wp-json\/wp\/v2\/users\/1"}],"version-history":[{"count":2,"href":"https:\/\/bluesdernegi.org\/en\/wp-json\/wp\/v2\/tribe_events\/1461\/revisions"}],"predecessor-version":[{"id":1464,"href":"https:\/\/bluesdernegi.org\/en\/wp-json\/wp\/v2\/tribe_events\/1461\/revisions\/1464"}],"wp:featuredmedia":[{"embeddable":true,"href":"https:\/\/bluesdernegi.org\/en\/wp-json\/wp\/v2\/media\/1462"}],"wp:attachment":[{"href":"https:\/\/bluesdernegi.org\/en\/wp-json\/wp\/v2\/media?parent=1461"}],"wp:term":[{"taxonomy":"post_tag","embeddable":true,"href":"https:\/\/bluesdernegi.org\/en\/wp-json\/wp\/v2\/tags?post=1461"},{"taxonomy":"tribe_events_cat","embeddable":true,"href":"https:\/\/bluesdernegi.org\/en\/wp-json\/wp\/v2\/tribe_events_cat?post=1461"}],"curies":[{"name":"wp","href":"https:\/\/api.w.org\/{rel}","templated":true}]}}