{"id":2259,"date":"2026-03-08T00:15:58","date_gmt":"2026-03-07T21:15:58","guid":{"rendered":"https:\/\/bluesdernegi.org\/?post_type=tribe_events&#038;p=2259"},"modified":"2026-03-08T00:15:58","modified_gmt":"2026-03-07T21:15:58","slug":"8-mart-dunya-emekci-kadinlar-gunu-etkinligi","status":"publish","type":"tribe_events","link":"https:\/\/bluesdernegi.org\/en\/etkinlik\/8-mart-dunya-emekci-kadinlar-gunu-etkinligi\/","title":{"rendered":"8 Mart D\u00fcnya Emek\u00e7i Kad\u0131nlar G\u00fcn\u00fc Etkinli\u011fi"},"content":{"rendered":"<p>8 Mart D\u00fcnya Emek\u00e7i Kad\u0131nlar G\u00fcn\u00fc\u2019n\u00fc dopdolu bir etkinlikle kutluyoruz!<\/p>\n<p>16.00 \u2013 A\u00e7\u0131l\u0131\u015f<br \/>\n16.30 \u2013 Yasemin Sel\u00e7uk ile Blues Dans\u0131 At\u00f6lyesi<br \/>\n17.30 \u2013 G\u00f6ksenin ile Kad\u0131nlar\u0131n Blues Tarihi Semineri<br \/>\n18.15 \u2013 \u00d6d\u00fcll\u00fc Quiz: Blues Kad\u0131nlar\u0131<br \/>\n19.00 \u2013 Ilg\u0131n Elde\u015f ile Blue Stand-Up<br \/>\n19.30 \u2013 \u201c8 Mart \u00f6zel\u201d Konserleri<\/p>\n<p>Giri\u015f: 300 TL<br \/>\nBlues Derne\u011fi \u00fcyelerine: 200 TL<br \/>\nTarih: 8 Mart, Pazar<br \/>\nYer: A\u011fa\u00e7 Ev Kad\u0131k\u00f6y<\/p>\n<p>Sahnemizin de\u011ferli konuklar\u0131:<br \/>\nAy\u015feg\u00fcl Karadeniz, Blues Sisters Polifonik Koro, Ceylin Y\u0131lmaz, Ebrar Ayy\u0131ld\u0131z, Ece Bo\u011fahan, Eri\u00e7 Karasu, G\u00f6k\u00e7e U\u00e7ka\u00e7, G\u00f6ksenin, Ilg\u0131n Elde\u015f, \u0130kim G\u00fcnce Erolan, \u0130pek \u00c7idem, \u0130pek K\u0131z\u0131ltan, Kardelen K\u00f6ksalan, Meryem Ayvata\u015f, Nehir Has\u0131rc\u0131, Neslihan \u00d6nder, Nil Olcaydu, S\u0131la Yi\u011fiter, Tracey Doherty, Yasemin Sel\u00e7uk, Zerrin Mete<\/p>\n<p>Katk\u0131da bulunan de\u011ferli konuklar\u0131m\u0131z:<br \/>\nAlican Ger\u00e7ek, Can Turfan, \u00c7a\u011fkan Irmak Ko\u00e7, Din\u00e7er Tu\u011fmaner, G\u00fcrkan \u00d6zbek, H\u00fcsrev Baysal, O\u011fuzhan Toker, Ozan Ye\u015fildal, \u00d6zg\u00fcr Seyhan, Sedat \u00d6zbek, Selim Ayta\u00e7lar, Soner Do\u011fanca, Teoman Karanfil, Z\u00fclfikar Karasu<\/p>\n<div><\/div>\n<div>Yar\u0131n bu \u00f6zel g\u00fcnde birlikte olmak dile\u011fiyle,<\/div>\n<div><\/div>\n<div><b>Blues Derne\u011fi<\/b><\/div>\n","protected":false},"excerpt":{"rendered":"<p>8 Mart D\u00fcnya Emek\u00e7i Kad\u0131nlar G\u00fcn\u00fc\u2019n\u00fc dopdolu bir etkinlikle kutluyoruz! 16.00 \u2013 A\u00e7\u0131l\u0131\u015f 16.30 \u2013 Yasemin Sel\u00e7uk ile Blues Dans\u0131 At\u00f6lyesi 17.30 \u2013 G\u00f6ksenin ile Kad\u0131nlar\u0131n Blues Tarihi Semineri 18.15 \u2013 \u00d6d\u00fcll\u00fc Quiz: Blues Kad\u0131nlar\u0131 19.00 \u2013 Ilg\u0131n Elde\u015f ile Blue Stand-Up 19.30 \u2013 \u201c8 Mart \u00f6zel\u201d Konserleri Giri\u015f: 300 TL Blues Derne\u011fi \u00fcyelerine: 200 TL Tarih: 8 Mart, Pazar Yer: A\u011fa\u00e7 Ev Kad\u0131k\u00f6y Sahnemizin de\u011ferli konuklar\u0131: Ay\u015feg\u00fcl Karadeniz, Blues Sisters Polifonik Koro, Ceylin Y\u0131lmaz, Ebrar Ayy\u0131ld\u0131z, Ece Bo\u011fahan, Eri\u00e7 Karasu, G\u00f6k\u00e7e U\u00e7ka\u00e7, G\u00f6ksenin, Ilg\u0131n Elde\u015f, \u0130kim G\u00fcnce Erolan, \u0130pek \u00c7idem, \u0130pek K\u0131z\u0131ltan, Kardelen K\u00f6ksalan, Meryem Ayvata\u015f, Nehir Has\u0131rc\u0131, Neslihan \u00d6nder, Nil Olcaydu, S\u0131la Yi\u011fiter, Tracey Doherty, Yasemin Sel\u00e7uk, Zerrin Mete Katk\u0131da bulunan de\u011ferli konuklar\u0131m\u0131z: Alican Ger\u00e7ek, Can Turfan, \u00c7a\u011fkan Irmak Ko\u00e7, Din\u00e7er Tu\u011fmaner, G\u00fcrkan \u00d6zbek, H\u00fcsrev Baysal, O\u011fuzhan Toker, Ozan Ye\u015fildal, \u00d6zg\u00fcr Seyhan, Sedat \u00d6zbek, Selim Ayta\u00e7lar, Soner Do\u011fanca, Teoman Karanfil, Z\u00fclfikar Karasu Yar\u0131n bu \u00f6zel g\u00fcnde birlikte olmak&hellip;<\/p>\n<p> <a class=\"more-link\" href=\"https:\/\/bluesdernegi.org\/en\/etkinlik\/8-mart-dunya-emekci-kadinlar-gunu-etkinligi\/\">Read more<\/a><\/p>\n","protected":false},"author":1,"featured_media":2260,"template":"","meta":{"_tribe_events_status":"","_tribe_events_status_reason":"","footnotes":""},"tags":[253,256,257,254,255],"tribe_events_cat":[202],"class_list":["post-2259","tribe_events","type-tribe_events","status-publish","has-post-thumbnail","tag-8-mart","tag-blues-dansi","tag-blues-kadinlari","tag-dunya-emekci-kadinlar-gunu","tag-woman-blues","tribe_events_cat-konser-etkinlik-takvimi","cat_konser-etkinlik-takvimi"],"yoast_head":"<!-- This site is optimized with the Yoast SEO plugin v27.5 - https:\/\/yoast.com\/product\/yoast-seo-wordpress\/ -->\n<title>8 Mart D\u00fcnya Emek\u00e7i Kad\u0131nlar G\u00fcn\u00fc Etkinli\u011fi<\/title>\n<meta name=\"robots\" content=\"index, follow, max-snippet:-1, max-image-preview:large, max-video-preview:-1\" \/>\n<link rel=\"canonical\" href=\"https:\/\/bluesdernegi.org\/en\/etkinlik\/8-mart-dunya-emekci-kadinlar-gunu-etkinligi\/\" \/>\n<meta property=\"og:locale\" content=\"en_US\" \/>\n<meta property=\"og:locale:alternate\" content=\"tr_TR\" \/>\n<meta property=\"og:type\" content=\"article\" \/>\n<meta property=\"og:title\" content=\"8 Mart D\u00fcnya Emek\u00e7i Kad\u0131nlar G\u00fcn\u00fc Etkinli\u011fi\" \/>\n<meta property=\"og:description\" content=\"8 Mart D\u00fcnya Emek\u00e7i Kad\u0131nlar G\u00fcn\u00fc\u2019n\u00fc dopdolu bir etkinlikle kutluyoruz! 16.00 \u2013 A\u00e7\u0131l\u0131\u015f 16.30 \u2013 Yasemin Sel\u00e7uk ile Blues Dans\u0131 At\u00f6lyesi 17.30 \u2013 G\u00f6ksenin ile Kad\u0131nlar\u0131n Blues Tarihi Semineri 18.15 \u2013 \u00d6d\u00fcll\u00fc Quiz: Blues Kad\u0131nlar\u0131 19.00 \u2013 Ilg\u0131n Elde\u015f ile Blue Stand-Up 19.30 \u2013 \u201c8 Mart \u00f6zel\u201d Konserleri Giri\u015f: 300 TL Blues Derne\u011fi \u00fcyelerine: 200 TL Tarih: 8 Mart, Pazar Yer: A\u011fa\u00e7 Ev Kad\u0131k\u00f6y Sahnemizin de\u011ferli konuklar\u0131: Ay\u015feg\u00fcl Karadeniz, Blues Sisters Polifonik Koro, Ceylin Y\u0131lmaz, Ebrar Ayy\u0131ld\u0131z, Ece Bo\u011fahan, Eri\u00e7 Karasu, G\u00f6k\u00e7e U\u00e7ka\u00e7, G\u00f6ksenin, Ilg\u0131n Elde\u015f, \u0130kim G\u00fcnce Erolan, \u0130pek \u00c7idem, \u0130pek K\u0131z\u0131ltan, Kardelen K\u00f6ksalan, Meryem Ayvata\u015f, Nehir Has\u0131rc\u0131, Neslihan \u00d6nder, Nil Olcaydu, S\u0131la Yi\u011fiter, Tracey Doherty, Yasemin Sel\u00e7uk, Zerrin Mete Katk\u0131da bulunan de\u011ferli konuklar\u0131m\u0131z: Alican Ger\u00e7ek, Can Turfan, \u00c7a\u011fkan Irmak Ko\u00e7, Din\u00e7er Tu\u011fmaner, G\u00fcrkan \u00d6zbek, H\u00fcsrev Baysal, O\u011fuzhan Toker, Ozan Ye\u015fildal, \u00d6zg\u00fcr Seyhan, Sedat \u00d6zbek, Selim Ayta\u00e7lar, Soner Do\u011fanca, Teoman Karanfil, Z\u00fclfikar Karasu Yar\u0131n bu \u00f6zel g\u00fcnde birlikte olmak&hellip;  Read more\" \/>\n<meta property=\"og:url\" content=\"https:\/\/bluesdernegi.org\/en\/etkinlik\/8-mart-dunya-emekci-kadinlar-gunu-etkinligi\/\" \/>\n<meta property=\"og:site_name\" content=\"Blues Derne\u011fi\" \/>\n<meta property=\"article:publisher\" content=\"https:\/\/www.facebook.com\/bluesdernegi\" \/>\n<meta name=\"twitter:card\" content=\"summary_large_image\" \/>\n<meta name=\"twitter:site\" content=\"@BluesDernegi\" \/>\n<meta name=\"twitter:label1\" content=\"Est. reading time\" \/>\n\t<meta name=\"twitter:data1\" content=\"2 minutes\" \/>\n<script type=\"application\/ld+json\" class=\"yoast-schema-graph\">{\"@context\":\"https:\\\/\\\/schema.org\",\"@graph\":[{\"@type\":\"WebPage\",\"@id\":\"https:\\\/\\\/bluesdernegi.org\\\/etkinlik\\\/8-mart-dunya-emekci-kadinlar-gunu-etkinligi\\\/\",\"url\":\"https:\\\/\\\/bluesdernegi.org\\\/etkinlik\\\/8-mart-dunya-emekci-kadinlar-gunu-etkinligi\\\/\",\"name\":\"8 Mart D\u00fcnya Emek\u00e7i Kad\u0131nlar G\u00fcn\u00fc Etkinli\u011fi\",\"isPartOf\":{\"@id\":\"https:\\\/\\\/bluesdernegi.org\\\/#website\"},\"primaryImageOfPage\":{\"@id\":\"https:\\\/\\\/bluesdernegi.org\\\/etkinlik\\\/8-mart-dunya-emekci-kadinlar-gunu-etkinligi\\\/#primaryimage\"},\"image\":{\"@id\":\"https:\\\/\\\/bluesdernegi.org\\\/etkinlik\\\/8-mart-dunya-emekci-kadinlar-gunu-etkinligi\\\/#primaryimage\"},\"thumbnailUrl\":\"https:\\\/\\\/bluesdernegi.org\\\/wp-content\\\/uploads\\\/2026\\\/03\\\/20260308-8-mart-ozel.jpg\",\"datePublished\":\"2026-03-07T21:15:58+00:00\",\"breadcrumb\":{\"@id\":\"https:\\\/\\\/bluesdernegi.org\\\/etkinlik\\\/8-mart-dunya-emekci-kadinlar-gunu-etkinligi\\\/#breadcrumb\"},\"inLanguage\":\"en-US\",\"potentialAction\":[{\"@type\":\"ReadAction\",\"target\":[\"https:\\\/\\\/bluesdernegi.org\\\/etkinlik\\\/8-mart-dunya-emekci-kadinlar-gunu-etkinligi\\\/\"]}]},{\"@type\":\"ImageObject\",\"inLanguage\":\"en-US\",\"@id\":\"https:\\\/\\\/bluesdernegi.org\\\/etkinlik\\\/8-mart-dunya-emekci-kadinlar-gunu-etkinligi\\\/#primaryimage\",\"url\":\"https:\\\/\\\/bluesdernegi.org\\\/wp-content\\\/uploads\\\/2026\\\/03\\\/20260308-8-mart-ozel.jpg\",\"contentUrl\":\"https:\\\/\\\/bluesdernegi.org\\\/wp-content\\\/uploads\\\/2026\\\/03\\\/20260308-8-mart-ozel.jpg\",\"width\":1142,\"height\":1142},{\"@type\":\"BreadcrumbList\",\"@id\":\"https:\\\/\\\/bluesdernegi.org\\\/etkinlik\\\/8-mart-dunya-emekci-kadinlar-gunu-etkinligi\\\/#breadcrumb\",\"itemListElement\":[{\"@type\":\"ListItem\",\"position\":1,\"name\":\"Anasayfa\",\"item\":\"https:\\\/\\\/bluesdernegi.org\\\/\"},{\"@type\":\"ListItem\",\"position\":2,\"name\":\"Etkinlikler\",\"item\":\"https:\\\/\\\/bluesdernegi.org\\\/events\\\/\"},{\"@type\":\"ListItem\",\"position\":3,\"name\":\"8 Mart D\u00fcnya Emek\u00e7i Kad\u0131nlar G\u00fcn\u00fc Etkinli\u011fi\"}]},{\"@type\":\"WebSite\",\"@id\":\"https:\\\/\\\/bluesdernegi.org\\\/#website\",\"url\":\"https:\\\/\\\/bluesdernegi.org\\\/\",\"name\":\"Blues Derne\u011fi\",\"description\":\"\",\"publisher\":{\"@id\":\"https:\\\/\\\/bluesdernegi.org\\\/#organization\"},\"potentialAction\":[{\"@type\":\"SearchAction\",\"target\":{\"@type\":\"EntryPoint\",\"urlTemplate\":\"https:\\\/\\\/bluesdernegi.org\\\/?s={search_term_string}\"},\"query-input\":{\"@type\":\"PropertyValueSpecification\",\"valueRequired\":true,\"valueName\":\"search_term_string\"}}],\"inLanguage\":\"en-US\"},{\"@type\":\"Organization\",\"@id\":\"https:\\\/\\\/bluesdernegi.org\\\/#organization\",\"name\":\"Blues Derne\u011fi\",\"url\":\"https:\\\/\\\/bluesdernegi.org\\\/\",\"logo\":{\"@type\":\"ImageObject\",\"inLanguage\":\"en-US\",\"@id\":\"https:\\\/\\\/bluesdernegi.org\\\/#\\\/schema\\\/logo\\\/image\\\/\",\"url\":\"https:\\\/\\\/bluesdernegi.org\\\/wp-content\\\/uploads\\\/2025\\\/06\\\/blues-dernegi-logo.png\",\"contentUrl\":\"https:\\\/\\\/bluesdernegi.org\\\/wp-content\\\/uploads\\\/2025\\\/06\\\/blues-dernegi-logo.png\",\"width\":600,\"height\":476,\"caption\":\"Blues Derne\u011fi\"},\"image\":{\"@id\":\"https:\\\/\\\/bluesdernegi.org\\\/#\\\/schema\\\/logo\\\/image\\\/\"},\"sameAs\":[\"https:\\\/\\\/www.facebook.com\\\/bluesdernegi\",\"https:\\\/\\\/x.com\\\/BluesDernegi\",\"https:\\\/\\\/www.instagram.com\\\/bluesdernegi\\\/\"]}]}<\/script>\n<!-- \/ Yoast SEO plugin. -->","yoast_head_json":{"title":"8 Mart D\u00fcnya Emek\u00e7i Kad\u0131nlar G\u00fcn\u00fc Etkinli\u011fi","robots":{"index":"index","follow":"follow","max-snippet":"max-snippet:-1","max-image-preview":"max-image-preview:large","max-video-preview":"max-video-preview:-1"},"canonical":"https:\/\/bluesdernegi.org\/en\/etkinlik\/8-mart-dunya-emekci-kadinlar-gunu-etkinligi\/","og_locale":"en_US","og_type":"article","og_title":"[:tr]8 Mart D\u00fcnya Emek\u00e7i Kad\u0131nlar G\u00fcn\u00fc Etkinli\u011fi[:] - Blues Derne\u011fi","og_description":"8 Mart D\u00fcnya Emek\u00e7i Kad\u0131nlar G\u00fcn\u00fc\u2019n\u00fc dopdolu bir etkinlikle kutluyoruz! 16.00 \u2013 A\u00e7\u0131l\u0131\u015f 16.30 \u2013 Yasemin Sel\u00e7uk ile Blues Dans\u0131 At\u00f6lyesi 17.30 \u2013 G\u00f6ksenin ile Kad\u0131nlar\u0131n Blues Tarihi Semineri 18.15 \u2013 \u00d6d\u00fcll\u00fc Quiz: Blues Kad\u0131nlar\u0131 19.00 \u2013 Ilg\u0131n Elde\u015f ile Blue Stand-Up 19.30 \u2013 \u201c8 Mart \u00f6zel\u201d Konserleri Giri\u015f: 300 TL Blues Derne\u011fi \u00fcyelerine: 200 TL Tarih: 8 Mart, Pazar Yer: A\u011fa\u00e7 Ev Kad\u0131k\u00f6y Sahnemizin de\u011ferli konuklar\u0131: Ay\u015feg\u00fcl Karadeniz, Blues Sisters Polifonik Koro, Ceylin Y\u0131lmaz, Ebrar Ayy\u0131ld\u0131z, Ece Bo\u011fahan, Eri\u00e7 Karasu, G\u00f6k\u00e7e U\u00e7ka\u00e7, G\u00f6ksenin, Ilg\u0131n Elde\u015f, \u0130kim G\u00fcnce Erolan, \u0130pek \u00c7idem, \u0130pek K\u0131z\u0131ltan, Kardelen K\u00f6ksalan, Meryem Ayvata\u015f, Nehir Has\u0131rc\u0131, Neslihan \u00d6nder, Nil Olcaydu, S\u0131la Yi\u011fiter, Tracey Doherty, Yasemin Sel\u00e7uk, Zerrin Mete Katk\u0131da bulunan de\u011ferli konuklar\u0131m\u0131z: Alican Ger\u00e7ek, Can Turfan, \u00c7a\u011fkan Irmak Ko\u00e7, Din\u00e7er Tu\u011fmaner, G\u00fcrkan \u00d6zbek, H\u00fcsrev Baysal, O\u011fuzhan Toker, Ozan Ye\u015fildal, \u00d6zg\u00fcr Seyhan, Sedat \u00d6zbek, Selim Ayta\u00e7lar, Soner Do\u011fanca, Teoman Karanfil, Z\u00fclfikar Karasu Yar\u0131n bu \u00f6zel g\u00fcnde birlikte olmak&hellip;  Read more","og_url":"https:\/\/bluesdernegi.org\/en\/etkinlik\/8-mart-dunya-emekci-kadinlar-gunu-etkinligi\/","og_site_name":"Blues Derne\u011fi","article_publisher":"https:\/\/www.facebook.com\/bluesdernegi","twitter_card":"summary_large_image","twitter_site":"@BluesDernegi","twitter_misc":{"Est. reading time":"2 minutes"},"schema":{"@context":"https:\/\/schema.org","@graph":[{"@type":"WebPage","@id":"https:\/\/bluesdernegi.org\/etkinlik\/8-mart-dunya-emekci-kadinlar-gunu-etkinligi\/","url":"https:\/\/bluesdernegi.org\/etkinlik\/8-mart-dunya-emekci-kadinlar-gunu-etkinligi\/","name":"8 Mart D\u00fcnya Emek\u00e7i Kad\u0131nlar G\u00fcn\u00fc Etkinli\u011fi","isPartOf":{"@id":"https:\/\/bluesdernegi.org\/#website"},"primaryImageOfPage":{"@id":"https:\/\/bluesdernegi.org\/etkinlik\/8-mart-dunya-emekci-kadinlar-gunu-etkinligi\/#primaryimage"},"image":{"@id":"https:\/\/bluesdernegi.org\/etkinlik\/8-mart-dunya-emekci-kadinlar-gunu-etkinligi\/#primaryimage"},"thumbnailUrl":"https:\/\/bluesdernegi.org\/wp-content\/uploads\/2026\/03\/20260308-8-mart-ozel.jpg","datePublished":"2026-03-07T21:15:58+00:00","breadcrumb":{"@id":"https:\/\/bluesdernegi.org\/etkinlik\/8-mart-dunya-emekci-kadinlar-gunu-etkinligi\/#breadcrumb"},"inLanguage":"en-US","potentialAction":[{"@type":"ReadAction","target":["https:\/\/bluesdernegi.org\/etkinlik\/8-mart-dunya-emekci-kadinlar-gunu-etkinligi\/"]}]},{"@type":"ImageObject","inLanguage":"en-US","@id":"https:\/\/bluesdernegi.org\/etkinlik\/8-mart-dunya-emekci-kadinlar-gunu-etkinligi\/#primaryimage","url":"https:\/\/bluesdernegi.org\/wp-content\/uploads\/2026\/03\/20260308-8-mart-ozel.jpg","contentUrl":"https:\/\/bluesdernegi.org\/wp-content\/uploads\/2026\/03\/20260308-8-mart-ozel.jpg","width":1142,"height":1142},{"@type":"BreadcrumbList","@id":"https:\/\/bluesdernegi.org\/etkinlik\/8-mart-dunya-emekci-kadinlar-gunu-etkinligi\/#breadcrumb","itemListElement":[{"@type":"ListItem","position":1,"name":"Anasayfa","item":"https:\/\/bluesdernegi.org\/"},{"@type":"ListItem","position":2,"name":"Etkinlikler","item":"https:\/\/bluesdernegi.org\/events\/"},{"@type":"ListItem","position":3,"name":"8 Mart D\u00fcnya Emek\u00e7i Kad\u0131nlar G\u00fcn\u00fc Etkinli\u011fi"}]},{"@type":"WebSite","@id":"https:\/\/bluesdernegi.org\/#website","url":"https:\/\/bluesdernegi.org\/","name":"Blues Derne\u011fi","description":"","publisher":{"@id":"https:\/\/bluesdernegi.org\/#organization"},"potentialAction":[{"@type":"SearchAction","target":{"@type":"EntryPoint","urlTemplate":"https:\/\/bluesdernegi.org\/?s={search_term_string}"},"query-input":{"@type":"PropertyValueSpecification","valueRequired":true,"valueName":"search_term_string"}}],"inLanguage":"en-US"},{"@type":"Organization","@id":"https:\/\/bluesdernegi.org\/#organization","name":"Blues Derne\u011fi","url":"https:\/\/bluesdernegi.org\/","logo":{"@type":"ImageObject","inLanguage":"en-US","@id":"https:\/\/bluesdernegi.org\/#\/schema\/logo\/image\/","url":"https:\/\/bluesdernegi.org\/wp-content\/uploads\/2025\/06\/blues-dernegi-logo.png","contentUrl":"https:\/\/bluesdernegi.org\/wp-content\/uploads\/2025\/06\/blues-dernegi-logo.png","width":600,"height":476,"caption":"Blues Derne\u011fi"},"image":{"@id":"https:\/\/bluesdernegi.org\/#\/schema\/logo\/image\/"},"sameAs":["https:\/\/www.facebook.com\/bluesdernegi","https:\/\/x.com\/BluesDernegi","https:\/\/www.instagram.com\/bluesdernegi\/"]}]}},"jetpack_sharing_enabled":true,"_links":{"self":[{"href":"https:\/\/bluesdernegi.org\/en\/wp-json\/wp\/v2\/tribe_events\/2259","targetHints":{"allow":["GET"]}}],"collection":[{"href":"https:\/\/bluesdernegi.org\/en\/wp-json\/wp\/v2\/tribe_events"}],"about":[{"href":"https:\/\/bluesdernegi.org\/en\/wp-json\/wp\/v2\/types\/tribe_events"}],"author":[{"embeddable":true,"href":"https:\/\/bluesdernegi.org\/en\/wp-json\/wp\/v2\/users\/1"}],"version-history":[{"count":1,"href":"https:\/\/bluesdernegi.org\/en\/wp-json\/wp\/v2\/tribe_events\/2259\/revisions"}],"predecessor-version":[{"id":2261,"href":"https:\/\/bluesdernegi.org\/en\/wp-json\/wp\/v2\/tribe_events\/2259\/revisions\/2261"}],"wp:featuredmedia":[{"embeddable":true,"href":"https:\/\/bluesdernegi.org\/en\/wp-json\/wp\/v2\/media\/2260"}],"wp:attachment":[{"href":"https:\/\/bluesdernegi.org\/en\/wp-json\/wp\/v2\/media?parent=2259"}],"wp:term":[{"taxonomy":"post_tag","embeddable":true,"href":"https:\/\/bluesdernegi.org\/en\/wp-json\/wp\/v2\/tags?post=2259"},{"taxonomy":"tribe_events_cat","embeddable":true,"href":"https:\/\/bluesdernegi.org\/en\/wp-json\/wp\/v2\/tribe_events_cat?post=2259"}],"curies":[{"name":"wp","href":"https:\/\/api.w.org\/{rel}","templated":true}]}}